{"id":9433,"date":"2020-07-30T08:28:12","date_gmt":"2020-07-30T08:28:12","guid":{"rendered":"https:\/\/www.coachfootballmotion.com\/listado_ponentes\/joao-tralhao\/"},"modified":"2020-08-30T22:41:59","modified_gmt":"2020-08-30T22:41:59","slug":"joao-tralhao","status":"publish","type":"listado_ponentes","link":"https:\/\/www.coachfootballmotion.com\/en\/listado_ponentes\/joao-tralhao\/","title":{"rendered":"Jo\u00e3o Tralh\u00e3o"},"content":{"rendered":"<p>[et_pb_section fb_built=&#8221;1&#8243; _builder_version=&#8221;4.4.7&#8243; background_color=&#8221;rgba(0,0,0,0)&#8221; background_enable_image=&#8221;off&#8221; custom_padding=&#8221;5px||27px|||&#8221;][et_pb_row _builder_version=&#8221;4.4.7&#8243; custom_padding=&#8221;9px|||||&#8221;][et_pb_column type=&#8221;4_4&#8243; _builder_version=&#8221;4.4.7&#8243;][et_pb_image src=&#8221;https:\/\/www.coachfootballmotion.com\/wp-content\/uploads\/2020\/07\/Captura-de-pantalla-2020-07-30-a-las-9.21.33-1.png&#8221; alt=&#8221;Jo\u00e3o Tralh\u00e3o&#8221; title_text=&#8221;Captura de pantalla 2020-07-30 a las 9.21.33&#8243; align=&#8221;center&#8221; _builder_version=&#8221;4.4.7&#8243; width=&#8221;71%&#8221; box_shadow_style=&#8221;preset1&#8243; box_shadow_horizontal=&#8221;6px&#8221; box_shadow_vertical=&#8221;14px&#8221; box_shadow_blur=&#8221;23px&#8221;][\/et_pb_image][\/et_pb_column][\/et_pb_row][et_pb_row _builder_version=&#8221;4.4.7&#8243; width=&#8221;100%&#8221; custom_padding=&#8221;12px|||||&#8221;][et_pb_column type=&#8221;4_4&#8243; _builder_version=&#8221;4.4.7&#8243;][et_pb_text _builder_version=&#8221;4.4.7&#8243; text_font=&#8221;Coda||||||||&#8221; text_text_color=&#8221;#172130&#8243; text_font_size=&#8221;33px&#8221; header_font=&#8221;Nova Flat||||||||&#8221; header_text_align=&#8221;center&#8221; header_text_color=&#8221;#172130&#8243; header_font_size=&#8221;50px&#8221; header_font_size_tablet=&#8221;&#8221; header_font_size_phone=&#8221;40px&#8221; header_font_size_last_edited=&#8221;on|phone&#8221;]<\/p>\n<h1><span>Jo\u00e3o Tralh\u00e3o<\/span><\/h1>\n<p>[\/et_pb_text][et_pb_divider color=&#8221;#016a84&#8243; divider_weight=&#8221;4px&#8221; _builder_version=&#8221;4.4.7&#8243; max_width=&#8221;70px&#8221; module_alignment=&#8221;center&#8221; locked=&#8221;off&#8221;][\/et_pb_divider][et_pb_text _builder_version=&#8221;4.4.7&#8243; text_font=&#8221;Noto Sans||||||||&#8221; text_text_color=&#8221;#172130&#8243; text_font_size=&#8221;17px&#8221; text_orientation=&#8221;center&#8221; hover_enabled=&#8221;0&#8243;]<\/p>\n<p>PROFESSIONAL SOCCER COACH<\/p>\n<p>[\/et_pb_text][et_pb_text _builder_version=&#8221;4.4.7&#8243; text_font=&#8221;Noto Sans||||||||&#8221; text_text_color=&#8221;#172130&#8243; text_font_size=&#8221;18px&#8221; text_line_height=&#8221;1.9em&#8221; text_orientation=&#8221;justified&#8221; hover_enabled=&#8221;0&#8243; text_font_size_tablet=&#8221;&#8221; text_font_size_phone=&#8221;15px&#8221; text_font_size_last_edited=&#8221;on|phone&#8221;]<\/p>\n<p>&nbsp;<\/p>\n<p>Behind every great soccer talent there are many hours of work, of sacrifice and also &#8211; of course &#8211; there are multiple transcendent people.\u00a0 There are few coaches today who have known and been able to polish so many of the jewels of modern soccer as Joao Tralhao, player of the Atletico de Madrid. This Portuguese coach who is almost 40 years old has been in Benfica&#8217;s youth team from 2001 to 2018 and has been an important part of the success of the club&#8217;s youth teams.<\/p>\n<p>His abilities and philosophy did not go unnoticed by Thierry Henry, who in his experience at Monaco as a coach wanted to have Joao Tralhao as his assistant. Now, after dominating like no other the formative soccer being part of a generation that has given glory to the Portuguese national team and having reached two finals of the UEFA Youth League, Joao Tralhao fights to take a step forward and assume the direction of a senior club as head coach.<\/p>\n<p>He is a coach of the future and we are sure that in a while we will see him on the bench of the world&#8217;s elite as a coach.<\/p>\n<p><span style=\"font-size: 18px;\">\u00a0<\/span><\/p>\n<p>[\/et_pb_text][et_pb_text _builder_version=&#8221;4.4.7&#8243; text_text_color=&#8221;#0c71c3&#8243; text_font_size=&#8221;21px&#8221; text_orientation=&#8221;center&#8221; hover_enabled=&#8221;0&#8243;]<\/p>\n<div class=\"test-desc\">I am very competitive, I like to win and help the club to raise the level, to promote young people and for me it is important to be part of a project that wants to grow, that wants to win.<\/div>\n<div class=\"test-desc\"><\/div>\n<div class=\"test-desc\"><\/div>\n<div class=\"test-desc\"><\/div>\n<p>[\/et_pb_text][\/et_pb_column][\/et_pb_row][\/et_pb_section][et_pb_section fb_built=&#8221;1&#8243; _builder_version=&#8221;4.4.7&#8243; background_enable_color=&#8221;off&#8221; background_enable_image=&#8221;off&#8221; background_position=&#8221;bottom_center&#8221; background_blend=&#8221;overlay&#8221; width=&#8221;100%&#8221; custom_padding=&#8221;7px||1px|||&#8221;][et_pb_row _builder_version=&#8221;4.4.7&#8243; width=&#8221;100%&#8221;][et_pb_column type=&#8221;4_4&#8243; _builder_version=&#8221;4.4.7&#8243;][et_pb_gallery gallery_ids=&#8221;1512,1509,1524,1515,1518,1521,3478,3463,3469,3460,3472,3457,3454&#8243; posts_number=&#8221;6&#8243; orientation=&#8221;portrait&#8221; show_title_and_caption=&#8221;off&#8221; zoom_icon_color=&#8221;#172130&#8243; hover_overlay_color=&#8221;rgba(255,255,255,0.41)&#8221; hover_icon=&#8221;%%51%%&#8221; _builder_version=&#8221;4.4.7&#8243; title_text_color=&#8221;rgba(0,0,0,0)&#8221; custom_margin=&#8221;|0px||0px|false|false&#8221;][\/et_pb_gallery][et_pb_post_nav _builder_version=&#8221;4.4.7&#8243; title_font=&#8221;Noto Sans||||||||&#8221; title_text_color=&#8221;#0dbcdb&#8221; title_font_size=&#8221;16px&#8221; custom_margin=&#8221;0px||||false|false&#8221; custom_padding=&#8221;10px|15px|10px|15px|true|true&#8221; border_width_all=&#8221;1px&#8221; border_color_all=&#8221;#0dbcdb&#8221; locked=&#8221;off&#8221;][\/et_pb_post_nav][\/et_pb_column][\/et_pb_row][\/et_pb_section]<\/p>\n","protected":false},"excerpt":{"rendered":"<p>Jo\u00e3o Tralh\u00e3oPROFESSIONAL SOCCER COACH &nbsp; Behind every great soccer talent there are many hours of work, of sacrifice and also &#8211; of course &#8211; there are multiple transcendent people.\u00a0 There are few coaches today who have known and been able to polish so many of the jewels of modern soccer as Joao Tralhao, player of [&hellip;]<\/p>\n","protected":false},"author":2,"featured_media":3482,"menu_order":198,"comment_status":"closed","ping_status":"closed","template":"","format":"standard","meta":{"_et_pb_use_builder":"on","_et_pb_old_content":"","_et_gb_content_width":"","content-type":""},"categories":[],"tags":[],"yoast_head":"<!-- This site is optimized with the Yoast SEO plugin v18.5.1 - https:\/\/yoast.com\/wordpress\/plugins\/seo\/ -->\n<title>Jo\u00e3o Tralh\u00e3o | Entrenador y Ponente | Coach Football Motion Congress<\/title>\n<meta name=\"description\" content=\"Do you know Jo\u00e3o Tralh\u00e3o? He will be one of the speakers at the Coach Football Motion online football congress. Find out more here!\" \/>\n<meta name=\"robots\" content=\"index, follow, max-snippet:-1, max-image-preview:large, max-video-preview:-1\" \/>\n<link rel=\"canonical\" href=\"https:\/\/www.coachfootballmotion.com\/en\/listado_ponentes\/joao-tralhao\/\" \/>\n<meta property=\"og:locale\" content=\"en_US\" \/>\n<meta property=\"og:type\" content=\"article\" \/>\n<meta property=\"og:title\" content=\"Jo\u00e3o Tralh\u00e3o | Entrenador y Ponente | Coach Football Motion Congress\" \/>\n<meta property=\"og:description\" content=\"Do you know Jo\u00e3o Tralh\u00e3o? He will be one of the speakers at the Coach Football Motion online football congress. Find out more here!\" \/>\n<meta property=\"og:url\" content=\"https:\/\/www.coachfootballmotion.com\/en\/listado_ponentes\/joao-tralhao\/\" \/>\n<meta property=\"og:site_name\" content=\"Coach Football Motion\" \/>\n<meta property=\"article:modified_time\" content=\"2020-08-30T22:41:59+00:00\" \/>\n<meta property=\"og:image\" content=\"https:\/\/www.coachfootballmotion.com\/wp-content\/uploads\/2020\/07\/Captura-de-pantalla-2020-07-30-a-las-9.21.33-1.png\" \/>\n\t<meta property=\"og:image:width\" content=\"1265\" \/>\n\t<meta property=\"og:image:height\" content=\"711\" \/>\n\t<meta property=\"og:image:type\" content=\"image\/png\" \/>\n<meta name=\"twitter:card\" content=\"summary_large_image\" \/>\n<meta name=\"twitter:label1\" content=\"Est. reading time\" \/>\n\t<meta name=\"twitter:data1\" content=\"3 minutes\" \/>\n<script type=\"application\/ld+json\" class=\"yoast-schema-graph\">{\"@context\":\"https:\/\/schema.org\",\"@graph\":[{\"@type\":\"WebSite\",\"@id\":\"https:\/\/www.coachfootballmotion.com\/#website\",\"url\":\"https:\/\/www.coachfootballmotion.com\/\",\"name\":\"Coach Football Motion\",\"description\":\"Congreso mundial dirigido a profesionales del mundo del f\u00fatbol.\",\"potentialAction\":[{\"@type\":\"SearchAction\",\"target\":{\"@type\":\"EntryPoint\",\"urlTemplate\":\"https:\/\/www.coachfootballmotion.com\/?s={search_term_string}\"},\"query-input\":\"required name=search_term_string\"}],\"inLanguage\":\"en-US\"},{\"@type\":\"ImageObject\",\"@id\":\"https:\/\/www.coachfootballmotion.com\/en\/listado_ponentes\/joao-tralhao\/#primaryimage\",\"inLanguage\":\"en-US\",\"url\":\"https:\/\/www.coachfootballmotion.com\/wp-content\/uploads\/2020\/07\/Captura-de-pantalla-2020-07-30-a-las-9.21.33-1.png\",\"contentUrl\":\"https:\/\/www.coachfootballmotion.com\/wp-content\/uploads\/2020\/07\/Captura-de-pantalla-2020-07-30-a-las-9.21.33-1.png\",\"width\":1265,\"height\":711,\"caption\":\"Jo\u00e3o Tralh\u00e3o logo\"},{\"@type\":\"WebPage\",\"@id\":\"https:\/\/www.coachfootballmotion.com\/en\/listado_ponentes\/joao-tralhao\/#webpage\",\"url\":\"https:\/\/www.coachfootballmotion.com\/en\/listado_ponentes\/joao-tralhao\/\",\"name\":\"Jo\u00e3o Tralh\u00e3o | Entrenador y Ponente | Coach Football Motion Congress\",\"isPartOf\":{\"@id\":\"https:\/\/www.coachfootballmotion.com\/#website\"},\"primaryImageOfPage\":{\"@id\":\"https:\/\/www.coachfootballmotion.com\/en\/listado_ponentes\/joao-tralhao\/#primaryimage\"},\"datePublished\":\"2020-07-30T08:28:12+00:00\",\"dateModified\":\"2020-08-30T22:41:59+00:00\",\"description\":\"Do you know Jo\u00e3o Tralh\u00e3o? He will be one of the speakers at the Coach Football Motion online football congress. Find out more here!\",\"breadcrumb\":{\"@id\":\"https:\/\/www.coachfootballmotion.com\/en\/listado_ponentes\/joao-tralhao\/#breadcrumb\"},\"inLanguage\":\"en-US\",\"potentialAction\":[{\"@type\":\"ReadAction\",\"target\":[\"https:\/\/www.coachfootballmotion.com\/en\/listado_ponentes\/joao-tralhao\/\"]}]},{\"@type\":\"BreadcrumbList\",\"@id\":\"https:\/\/www.coachfootballmotion.com\/en\/listado_ponentes\/joao-tralhao\/#breadcrumb\",\"itemListElement\":[{\"@type\":\"ListItem\",\"position\":1,\"name\":\"Portada\",\"item\":\"https:\/\/www.coachfootballmotion.com\/en\/\"},{\"@type\":\"ListItem\",\"position\":2,\"name\":\"Jo\u00e3o Tralh\u00e3o\"}]}]}<\/script>\n<!-- \/ Yoast SEO plugin. -->","yoast_head_json":{"title":"Jo\u00e3o Tralh\u00e3o | Entrenador y Ponente | Coach Football Motion Congress","description":"Do you know Jo\u00e3o Tralh\u00e3o? He will be one of the speakers at the Coach Football Motion online football congress. Find out more here!","robots":{"index":"index","follow":"follow","max-snippet":"max-snippet:-1","max-image-preview":"max-image-preview:large","max-video-preview":"max-video-preview:-1"},"canonical":"https:\/\/www.coachfootballmotion.com\/en\/listado_ponentes\/joao-tralhao\/","og_locale":"en_US","og_type":"article","og_title":"Jo\u00e3o Tralh\u00e3o | Entrenador y Ponente | Coach Football Motion Congress","og_description":"Do you know Jo\u00e3o Tralh\u00e3o? He will be one of the speakers at the Coach Football Motion online football congress. Find out more here!","og_url":"https:\/\/www.coachfootballmotion.com\/en\/listado_ponentes\/joao-tralhao\/","og_site_name":"Coach Football Motion","article_modified_time":"2020-08-30T22:41:59+00:00","og_image":[{"width":1265,"height":711,"url":"https:\/\/www.coachfootballmotion.com\/wp-content\/uploads\/2020\/07\/Captura-de-pantalla-2020-07-30-a-las-9.21.33-1.png","type":"image\/png"}],"twitter_card":"summary_large_image","twitter_misc":{"Est. reading time":"3 minutes"},"schema":{"@context":"https:\/\/schema.org","@graph":[{"@type":"WebSite","@id":"https:\/\/www.coachfootballmotion.com\/#website","url":"https:\/\/www.coachfootballmotion.com\/","name":"Coach Football Motion","description":"Congreso mundial dirigido a profesionales del mundo del f\u00fatbol.","potentialAction":[{"@type":"SearchAction","target":{"@type":"EntryPoint","urlTemplate":"https:\/\/www.coachfootballmotion.com\/?s={search_term_string}"},"query-input":"required name=search_term_string"}],"inLanguage":"en-US"},{"@type":"ImageObject","@id":"https:\/\/www.coachfootballmotion.com\/en\/listado_ponentes\/joao-tralhao\/#primaryimage","inLanguage":"en-US","url":"https:\/\/www.coachfootballmotion.com\/wp-content\/uploads\/2020\/07\/Captura-de-pantalla-2020-07-30-a-las-9.21.33-1.png","contentUrl":"https:\/\/www.coachfootballmotion.com\/wp-content\/uploads\/2020\/07\/Captura-de-pantalla-2020-07-30-a-las-9.21.33-1.png","width":1265,"height":711,"caption":"Jo\u00e3o Tralh\u00e3o logo"},{"@type":"WebPage","@id":"https:\/\/www.coachfootballmotion.com\/en\/listado_ponentes\/joao-tralhao\/#webpage","url":"https:\/\/www.coachfootballmotion.com\/en\/listado_ponentes\/joao-tralhao\/","name":"Jo\u00e3o Tralh\u00e3o | Entrenador y Ponente | Coach Football Motion Congress","isPartOf":{"@id":"https:\/\/www.coachfootballmotion.com\/#website"},"primaryImageOfPage":{"@id":"https:\/\/www.coachfootballmotion.com\/en\/listado_ponentes\/joao-tralhao\/#primaryimage"},"datePublished":"2020-07-30T08:28:12+00:00","dateModified":"2020-08-30T22:41:59+00:00","description":"Do you know Jo\u00e3o Tralh\u00e3o? He will be one of the speakers at the Coach Football Motion online football congress. Find out more here!","breadcrumb":{"@id":"https:\/\/www.coachfootballmotion.com\/en\/listado_ponentes\/joao-tralhao\/#breadcrumb"},"inLanguage":"en-US","potentialAction":[{"@type":"ReadAction","target":["https:\/\/www.coachfootballmotion.com\/en\/listado_ponentes\/joao-tralhao\/"]}]},{"@type":"BreadcrumbList","@id":"https:\/\/www.coachfootballmotion.com\/en\/listado_ponentes\/joao-tralhao\/#breadcrumb","itemListElement":[{"@type":"ListItem","position":1,"name":"Portada","item":"https:\/\/www.coachfootballmotion.com\/en\/"},{"@type":"ListItem","position":2,"name":"Jo\u00e3o Tralh\u00e3o"}]}]}},"_links":{"self":[{"href":"https:\/\/www.coachfootballmotion.com\/en\/wp-json\/wp\/v2\/listado_ponentes\/9433"}],"collection":[{"href":"https:\/\/www.coachfootballmotion.com\/en\/wp-json\/wp\/v2\/listado_ponentes"}],"about":[{"href":"https:\/\/www.coachfootballmotion.com\/en\/wp-json\/wp\/v2\/types\/listado_ponentes"}],"author":[{"embeddable":true,"href":"https:\/\/www.coachfootballmotion.com\/en\/wp-json\/wp\/v2\/users\/2"}],"replies":[{"embeddable":true,"href":"https:\/\/www.coachfootballmotion.com\/en\/wp-json\/wp\/v2\/comments?post=9433"}],"version-history":[{"count":2,"href":"https:\/\/www.coachfootballmotion.com\/en\/wp-json\/wp\/v2\/listado_ponentes\/9433\/revisions"}],"predecessor-version":[{"id":9597,"href":"https:\/\/www.coachfootballmotion.com\/en\/wp-json\/wp\/v2\/listado_ponentes\/9433\/revisions\/9597"}],"wp:featuredmedia":[{"embeddable":true,"href":"https:\/\/www.coachfootballmotion.com\/en\/wp-json\/wp\/v2\/media\/3482"}],"wp:attachment":[{"href":"https:\/\/www.coachfootballmotion.com\/en\/wp-json\/wp\/v2\/media?parent=9433"}],"wp:term":[{"taxonomy":"category","embeddable":true,"href":"https:\/\/www.coachfootballmotion.com\/en\/wp-json\/wp\/v2\/categories?post=9433"},{"taxonomy":"post_tag","embeddable":true,"href":"https:\/\/www.coachfootballmotion.com\/en\/wp-json\/wp\/v2\/tags?post=9433"}],"curies":[{"name":"wp","href":"https:\/\/api.w.org\/{rel}","templated":true}]}}