{"id":8005,"date":"2020-08-05T16:57:48","date_gmt":"2020-08-05T16:57:48","guid":{"rendered":"https:\/\/www.coachfootballmotion.com\/listado_ponentes\/ramon-catala\/"},"modified":"2020-08-28T16:25:46","modified_gmt":"2020-08-28T16:25:46","slug":"ramon-catala","status":"publish","type":"listado_ponentes","link":"https:\/\/www.coachfootballmotion.com\/en\/listado_ponentes\/ramon-catala\/","title":{"rendered":"Ram\u00f3n Catala"},"content":{"rendered":"<p>[et_pb_section fb_built=&#8221;1&#8243; _builder_version=&#8221;4.4.7&#8243; background_color=&#8221;rgba(0,0,0,0)&#8221; background_enable_image=&#8221;off&#8221; custom_padding=&#8221;5px||27px|||&#8221;][et_pb_row _builder_version=&#8221;4.4.7&#8243; custom_padding=&#8221;9px|||||&#8221;][et_pb_column type=&#8221;4_4&#8243; _builder_version=&#8221;4.4.7&#8243;][et_pb_image src=&#8221;https:\/\/www.coachfootballmotion.com\/wp-content\/uploads\/2020\/08\/Captura-de-pantalla-2020-08-05-a-las-18.15.25.png&#8221; alt=&#8221;Ram\u00f3n Catala&#8221; title_text=&#8221;Captura de pantalla 2020-08-05 a las 18.15.25&#8243; align=&#8221;center&#8221; _builder_version=&#8221;4.4.7&#8243; width=&#8221;71%&#8221; box_shadow_style=&#8221;preset1&#8243; box_shadow_horizontal=&#8221;6px&#8221; box_shadow_vertical=&#8221;14px&#8221; box_shadow_blur=&#8221;23px&#8221;][\/et_pb_image][\/et_pb_column][\/et_pb_row][et_pb_row _builder_version=&#8221;4.4.7&#8243; width=&#8221;100%&#8221; custom_padding=&#8221;12px|||||&#8221;][et_pb_column type=&#8221;4_4&#8243; _builder_version=&#8221;4.4.7&#8243;][et_pb_text _builder_version=&#8221;4.4.7&#8243; text_font=&#8221;Coda||||||||&#8221; text_text_color=&#8221;#172130&#8243; text_font_size=&#8221;33px&#8221; header_font=&#8221;Nova Flat||||||||&#8221; header_text_align=&#8221;center&#8221; header_text_color=&#8221;#172130&#8243; header_font_size=&#8221;50px&#8221; header_font_size_tablet=&#8221;&#8221; header_font_size_phone=&#8221;40px&#8221; header_font_size_last_edited=&#8221;on|phone&#8221;]<\/p>\n<h1><span>Ram\u00f3n Catala<\/span><\/h1>\n<p>[\/et_pb_text][et_pb_divider color=&#8221;#016a84&#8243; divider_weight=&#8221;4px&#8221; _builder_version=&#8221;4.4.7&#8243; max_width=&#8221;70px&#8221; module_alignment=&#8221;center&#8221; locked=&#8221;off&#8221;][\/et_pb_divider][et_pb_text _builder_version=&#8221;4.4.7&#8243; text_font=&#8221;Noto Sans||||||||&#8221; text_text_color=&#8221;#172130&#8243; text_font_size=&#8221;17px&#8221; text_orientation=&#8221;center&#8221; hover_enabled=&#8221;0&#8243;]<\/p>\n<p>\u00a0ACADEMY DIRECTOR DYNAMO DE KIEV<\/p>\n<p>[\/et_pb_text][et_pb_text _builder_version=&#8221;4.4.7&#8243; text_font=&#8221;Noto Sans||||||||&#8221; text_text_color=&#8221;#172130&#8243; text_font_size=&#8221;18px&#8221; text_line_height=&#8221;1.9em&#8221; text_orientation=&#8221;justified&#8221; hover_enabled=&#8221;0&#8243; text_font_size_tablet=&#8221;&#8221; text_font_size_phone=&#8221;15px&#8221; text_font_size_last_edited=&#8221;on|phone&#8221;]<\/p>\n<div class=\"page\" title=\"Page 1\">\n<div class=\"section\">\n<div class=\"layoutArea\">\n<div class=\"column\">\n<p>After his time in the different clubs of Spain, Ram\u00f3n Catala emigrated abroad guided by the motivation of knowing new places, cultures and socio-political contexts that today he treasures in his soccer memory.<\/p>\n<p>Currently, he is in the area of youth training of Dynamo Kiev in Ukraine, but before that position he was involved in soccer in Nicaragua, Libya, Qatar, Baghdad, China and Japan.<\/p>\n<p>Ramon is undoubtedly a professional who seeks to reinvent himself every day, trained and prepared, he does not stop looking for new challenges that will help him in his continuous formation. From the congress we know about the great work he is doing in the junior categories of Dynamo Kiev.\u00a0<\/p>\n<\/div>\n<\/div>\n<\/div>\n<\/div>\n<p>[\/et_pb_text][et_pb_text _builder_version=&#8221;4.4.7&#8243; text_text_color=&#8221;#0c71c3&#8243; text_font_size=&#8221;21px&#8221; text_orientation=&#8221;center&#8221; hover_enabled=&#8221;0&#8243;]<\/p>\n<div class=\"test-desc\">\n<div>&#8220;I like teams that attack, that are brave, that look for the victory from the first moment&#8221;.<\/div>\n<div><img loading=\"lazy\" alt=\"FC Dinamo de Kiev - Wikipedia, la enciclopedia libre\" class=\"n3VNCb\" src=\"https:\/\/upload.wikimedia.org\/wikipedia\/commons\/thumb\/d\/df\/FC_Dynamo_Kyiv_logo.svg\/1200px-FC_Dynamo_Kyiv_logo.svg.png\" data-noaft=\"1\" jsname=\"HiaYvf\" jsaction=\"load:XAeZkd,gvK6lb;\" width=\"122\" height=\"203\" \/><\/div>\n<\/div>\n<div class=\"test-desc\"><\/div>\n<p>[\/et_pb_text][\/et_pb_column][\/et_pb_row][\/et_pb_section][et_pb_section fb_built=&#8221;1&#8243; _builder_version=&#8221;4.4.7&#8243; background_enable_color=&#8221;off&#8221; background_enable_image=&#8221;off&#8221; background_position=&#8221;bottom_center&#8221; background_blend=&#8221;overlay&#8221; width=&#8221;100%&#8221; custom_padding=&#8221;7px||1px|||&#8221;][et_pb_row _builder_version=&#8221;4.4.7&#8243; width=&#8221;100%&#8221;][et_pb_column type=&#8221;4_4&#8243; _builder_version=&#8221;4.4.7&#8243;][et_pb_gallery gallery_ids=&#8221;1512,1509,1524,1515,1518,1521,4723,4710,4701,4707,4704&#8243; posts_number=&#8221;6&#8243; orientation=&#8221;portrait&#8221; show_title_and_caption=&#8221;off&#8221; zoom_icon_color=&#8221;#172130&#8243; hover_overlay_color=&#8221;rgba(255,255,255,0.41)&#8221; hover_icon=&#8221;%%51%%&#8221; _builder_version=&#8221;4.4.7&#8243; title_text_color=&#8221;rgba(0,0,0,0)&#8221; custom_margin=&#8221;|0px||0px|false|false&#8221;][\/et_pb_gallery][et_pb_post_nav _builder_version=&#8221;4.4.7&#8243; title_font=&#8221;Noto Sans||||||||&#8221; title_text_color=&#8221;#0dbcdb&#8221; title_font_size=&#8221;16px&#8221; custom_margin=&#8221;0px||||false|false&#8221; custom_padding=&#8221;10px|15px|10px|15px|true|true&#8221; border_width_all=&#8221;1px&#8221; border_color_all=&#8221;#0dbcdb&#8221; locked=&#8221;off&#8221;][\/et_pb_post_nav][\/et_pb_column][\/et_pb_row][\/et_pb_section]<\/p>\n","protected":false},"excerpt":{"rendered":"<p>Ram\u00f3n Catala\u00a0ACADEMY DIRECTOR DYNAMO DE KIEV After his time in the different clubs of Spain, Ram\u00f3n Catala emigrated abroad guided by the motivation of knowing new places, cultures and socio-political contexts that today he treasures in his soccer memory. Currently, he is in the area of youth training of Dynamo Kiev in Ukraine, but before [&hellip;]<\/p>\n","protected":false},"author":2,"featured_media":4714,"menu_order":152,"comment_status":"closed","ping_status":"closed","template":"","format":"standard","meta":{"_et_pb_use_builder":"on","_et_pb_old_content":"","_et_gb_content_width":"","content-type":""},"categories":[],"tags":[],"yoast_head":"<!-- This site is optimized with the Yoast SEO plugin v18.5.1 - https:\/\/yoast.com\/wordpress\/plugins\/seo\/ -->\n<title>Ram\u00f3n Catala | Entrenador y Ponente | Coach Football Motion Congress<\/title>\n<meta name=\"description\" content=\"Do you know Ram\u00f3n Catal\u00e0? He will be one of the speakers at the Coach Football Motion online football congress. Find out more here!\" \/>\n<meta name=\"robots\" content=\"index, follow, max-snippet:-1, max-image-preview:large, max-video-preview:-1\" \/>\n<link rel=\"canonical\" href=\"https:\/\/www.coachfootballmotion.com\/en\/listado_ponentes\/ramon-catala\/\" \/>\n<meta property=\"og:locale\" content=\"en_US\" \/>\n<meta property=\"og:type\" content=\"article\" \/>\n<meta property=\"og:title\" content=\"Ram\u00f3n Catala | Entrenador y Ponente | Coach Football Motion Congress\" \/>\n<meta property=\"og:description\" content=\"Do you know Ram\u00f3n Catal\u00e0? He will be one of the speakers at the Coach Football Motion online football congress. Find out more here!\" \/>\n<meta property=\"og:url\" content=\"https:\/\/www.coachfootballmotion.com\/en\/listado_ponentes\/ramon-catala\/\" \/>\n<meta property=\"og:site_name\" content=\"Coach Football Motion\" \/>\n<meta property=\"article:modified_time\" content=\"2020-08-28T16:25:46+00:00\" \/>\n<meta property=\"og:image\" content=\"https:\/\/www.coachfootballmotion.com\/wp-content\/uploads\/2020\/08\/Captura-de-pantalla-2020-08-05-a-las-18.15.25.png\" \/>\n\t<meta property=\"og:image:width\" content=\"1254\" \/>\n\t<meta property=\"og:image:height\" content=\"706\" \/>\n\t<meta property=\"og:image:type\" content=\"image\/png\" \/>\n<meta name=\"twitter:card\" content=\"summary_large_image\" \/>\n<meta name=\"twitter:label1\" content=\"Est. reading time\" \/>\n\t<meta name=\"twitter:data1\" content=\"3 minutes\" \/>\n<script type=\"application\/ld+json\" class=\"yoast-schema-graph\">{\"@context\":\"https:\/\/schema.org\",\"@graph\":[{\"@type\":\"WebSite\",\"@id\":\"https:\/\/www.coachfootballmotion.com\/#website\",\"url\":\"https:\/\/www.coachfootballmotion.com\/\",\"name\":\"Coach Football Motion\",\"description\":\"Congreso mundial dirigido a profesionales del mundo del f\u00fatbol.\",\"potentialAction\":[{\"@type\":\"SearchAction\",\"target\":{\"@type\":\"EntryPoint\",\"urlTemplate\":\"https:\/\/www.coachfootballmotion.com\/?s={search_term_string}\"},\"query-input\":\"required name=search_term_string\"}],\"inLanguage\":\"en-US\"},{\"@type\":\"ImageObject\",\"@id\":\"https:\/\/www.coachfootballmotion.com\/en\/listado_ponentes\/ramon-catala\/#primaryimage\",\"inLanguage\":\"en-US\",\"url\":\"https:\/\/www.coachfootballmotion.com\/wp-content\/uploads\/2020\/08\/Captura-de-pantalla-2020-08-05-a-las-18.15.25.png\",\"contentUrl\":\"https:\/\/www.coachfootballmotion.com\/wp-content\/uploads\/2020\/08\/Captura-de-pantalla-2020-08-05-a-las-18.15.25.png\",\"width\":1254,\"height\":706,\"caption\":\"Ram\u00f3n Catal\u00e1 logo\"},{\"@type\":\"WebPage\",\"@id\":\"https:\/\/www.coachfootballmotion.com\/en\/listado_ponentes\/ramon-catala\/#webpage\",\"url\":\"https:\/\/www.coachfootballmotion.com\/en\/listado_ponentes\/ramon-catala\/\",\"name\":\"Ram\u00f3n Catala | Entrenador y Ponente | Coach Football Motion Congress\",\"isPartOf\":{\"@id\":\"https:\/\/www.coachfootballmotion.com\/#website\"},\"primaryImageOfPage\":{\"@id\":\"https:\/\/www.coachfootballmotion.com\/en\/listado_ponentes\/ramon-catala\/#primaryimage\"},\"datePublished\":\"2020-08-05T16:57:48+00:00\",\"dateModified\":\"2020-08-28T16:25:46+00:00\",\"description\":\"Do you know Ram\u00f3n Catal\u00e0? He will be one of the speakers at the Coach Football Motion online football congress. Find out more here!\",\"breadcrumb\":{\"@id\":\"https:\/\/www.coachfootballmotion.com\/en\/listado_ponentes\/ramon-catala\/#breadcrumb\"},\"inLanguage\":\"en-US\",\"potentialAction\":[{\"@type\":\"ReadAction\",\"target\":[\"https:\/\/www.coachfootballmotion.com\/en\/listado_ponentes\/ramon-catala\/\"]}]},{\"@type\":\"BreadcrumbList\",\"@id\":\"https:\/\/www.coachfootballmotion.com\/en\/listado_ponentes\/ramon-catala\/#breadcrumb\",\"itemListElement\":[{\"@type\":\"ListItem\",\"position\":1,\"name\":\"Portada\",\"item\":\"https:\/\/www.coachfootballmotion.com\/en\/\"},{\"@type\":\"ListItem\",\"position\":2,\"name\":\"Ram\u00f3n Catala\"}]}]}<\/script>\n<!-- \/ Yoast SEO plugin. -->","yoast_head_json":{"title":"Ram\u00f3n Catala | Entrenador y Ponente | Coach Football Motion Congress","description":"Do you know Ram\u00f3n Catal\u00e0? He will be one of the speakers at the Coach Football Motion online football congress. Find out more here!","robots":{"index":"index","follow":"follow","max-snippet":"max-snippet:-1","max-image-preview":"max-image-preview:large","max-video-preview":"max-video-preview:-1"},"canonical":"https:\/\/www.coachfootballmotion.com\/en\/listado_ponentes\/ramon-catala\/","og_locale":"en_US","og_type":"article","og_title":"Ram\u00f3n Catala | Entrenador y Ponente | Coach Football Motion Congress","og_description":"Do you know Ram\u00f3n Catal\u00e0? He will be one of the speakers at the Coach Football Motion online football congress. Find out more here!","og_url":"https:\/\/www.coachfootballmotion.com\/en\/listado_ponentes\/ramon-catala\/","og_site_name":"Coach Football Motion","article_modified_time":"2020-08-28T16:25:46+00:00","og_image":[{"width":1254,"height":706,"url":"https:\/\/www.coachfootballmotion.com\/wp-content\/uploads\/2020\/08\/Captura-de-pantalla-2020-08-05-a-las-18.15.25.png","type":"image\/png"}],"twitter_card":"summary_large_image","twitter_misc":{"Est. reading time":"3 minutes"},"schema":{"@context":"https:\/\/schema.org","@graph":[{"@type":"WebSite","@id":"https:\/\/www.coachfootballmotion.com\/#website","url":"https:\/\/www.coachfootballmotion.com\/","name":"Coach Football Motion","description":"Congreso mundial dirigido a profesionales del mundo del f\u00fatbol.","potentialAction":[{"@type":"SearchAction","target":{"@type":"EntryPoint","urlTemplate":"https:\/\/www.coachfootballmotion.com\/?s={search_term_string}"},"query-input":"required name=search_term_string"}],"inLanguage":"en-US"},{"@type":"ImageObject","@id":"https:\/\/www.coachfootballmotion.com\/en\/listado_ponentes\/ramon-catala\/#primaryimage","inLanguage":"en-US","url":"https:\/\/www.coachfootballmotion.com\/wp-content\/uploads\/2020\/08\/Captura-de-pantalla-2020-08-05-a-las-18.15.25.png","contentUrl":"https:\/\/www.coachfootballmotion.com\/wp-content\/uploads\/2020\/08\/Captura-de-pantalla-2020-08-05-a-las-18.15.25.png","width":1254,"height":706,"caption":"Ram\u00f3n Catal\u00e1 logo"},{"@type":"WebPage","@id":"https:\/\/www.coachfootballmotion.com\/en\/listado_ponentes\/ramon-catala\/#webpage","url":"https:\/\/www.coachfootballmotion.com\/en\/listado_ponentes\/ramon-catala\/","name":"Ram\u00f3n Catala | Entrenador y Ponente | Coach Football Motion Congress","isPartOf":{"@id":"https:\/\/www.coachfootballmotion.com\/#website"},"primaryImageOfPage":{"@id":"https:\/\/www.coachfootballmotion.com\/en\/listado_ponentes\/ramon-catala\/#primaryimage"},"datePublished":"2020-08-05T16:57:48+00:00","dateModified":"2020-08-28T16:25:46+00:00","description":"Do you know Ram\u00f3n Catal\u00e0? He will be one of the speakers at the Coach Football Motion online football congress. Find out more here!","breadcrumb":{"@id":"https:\/\/www.coachfootballmotion.com\/en\/listado_ponentes\/ramon-catala\/#breadcrumb"},"inLanguage":"en-US","potentialAction":[{"@type":"ReadAction","target":["https:\/\/www.coachfootballmotion.com\/en\/listado_ponentes\/ramon-catala\/"]}]},{"@type":"BreadcrumbList","@id":"https:\/\/www.coachfootballmotion.com\/en\/listado_ponentes\/ramon-catala\/#breadcrumb","itemListElement":[{"@type":"ListItem","position":1,"name":"Portada","item":"https:\/\/www.coachfootballmotion.com\/en\/"},{"@type":"ListItem","position":2,"name":"Ram\u00f3n Catala"}]}]}},"_links":{"self":[{"href":"https:\/\/www.coachfootballmotion.com\/en\/wp-json\/wp\/v2\/listado_ponentes\/8005"}],"collection":[{"href":"https:\/\/www.coachfootballmotion.com\/en\/wp-json\/wp\/v2\/listado_ponentes"}],"about":[{"href":"https:\/\/www.coachfootballmotion.com\/en\/wp-json\/wp\/v2\/types\/listado_ponentes"}],"author":[{"embeddable":true,"href":"https:\/\/www.coachfootballmotion.com\/en\/wp-json\/wp\/v2\/users\/2"}],"replies":[{"embeddable":true,"href":"https:\/\/www.coachfootballmotion.com\/en\/wp-json\/wp\/v2\/comments?post=8005"}],"version-history":[{"count":2,"href":"https:\/\/www.coachfootballmotion.com\/en\/wp-json\/wp\/v2\/listado_ponentes\/8005\/revisions"}],"predecessor-version":[{"id":9337,"href":"https:\/\/www.coachfootballmotion.com\/en\/wp-json\/wp\/v2\/listado_ponentes\/8005\/revisions\/9337"}],"wp:featuredmedia":[{"embeddable":true,"href":"https:\/\/www.coachfootballmotion.com\/en\/wp-json\/wp\/v2\/media\/4714"}],"wp:attachment":[{"href":"https:\/\/www.coachfootballmotion.com\/en\/wp-json\/wp\/v2\/media?parent=8005"}],"wp:term":[{"taxonomy":"category","embeddable":true,"href":"https:\/\/www.coachfootballmotion.com\/en\/wp-json\/wp\/v2\/categories?post=8005"},{"taxonomy":"post_tag","embeddable":true,"href":"https:\/\/www.coachfootballmotion.com\/en\/wp-json\/wp\/v2\/tags?post=8005"}],"curies":[{"name":"wp","href":"https:\/\/api.w.org\/{rel}","templated":true}]}}