{"id":5859,"date":"2020-08-12T15:04:37","date_gmt":"2020-08-12T15:04:37","guid":{"rendered":"https:\/\/www.coachfootballmotion.com\/listado_ponentes\/pierre-yves-bodineau\/"},"modified":"2020-08-21T16:06:52","modified_gmt":"2020-08-21T16:06:52","slug":"pierre-yves-bodineau","status":"publish","type":"listado_ponentes","link":"https:\/\/www.coachfootballmotion.com\/en\/listado_ponentes\/pierre-yves-bodineau\/","title":{"rendered":"Pierre-Yves Bodineau"},"content":{"rendered":"<p>[et_pb_section fb_built=&#8221;1&#8243; _builder_version=&#8221;4.4.7&#8243; background_color=&#8221;rgba(0,0,0,0)&#8221; background_enable_image=&#8221;off&#8221; custom_padding=&#8221;5px||27px|||&#8221;][et_pb_row _builder_version=&#8221;4.4.7&#8243; custom_padding=&#8221;9px|||||&#8221;][et_pb_column type=&#8221;4_4&#8243; _builder_version=&#8221;4.4.7&#8243;][et_pb_image src=&#8221;https:\/\/www.coachfootballmotion.com\/wp-content\/uploads\/2020\/07\/Captura-de-pantalla-2020-07-18-a-las-16.24.39.png&#8221; alt=&#8221;Pierre-Yves Bodineau&#8221; title_text=&#8221;Captura de pantalla 2020-07-18 a las 16.24.39&#8243; align=&#8221;center&#8221; _builder_version=&#8221;4.4.7&#8243; width=&#8221;71%&#8221; box_shadow_style=&#8221;preset1&#8243; box_shadow_horizontal=&#8221;6px&#8221; box_shadow_vertical=&#8221;14px&#8221; box_shadow_blur=&#8221;23px&#8221;][\/et_pb_image][\/et_pb_column][\/et_pb_row][et_pb_row _builder_version=&#8221;4.4.7&#8243; width=&#8221;100%&#8221; custom_padding=&#8221;12px|||||&#8221;][et_pb_column type=&#8221;4_4&#8243; _builder_version=&#8221;4.4.7&#8243;][et_pb_text _builder_version=&#8221;4.4.7&#8243; text_font=&#8221;Coda||||||||&#8221; text_text_color=&#8221;#172130&#8243; text_font_size=&#8221;33px&#8221; header_font=&#8221;Nova Flat||||||||&#8221; header_text_align=&#8221;center&#8221; header_text_color=&#8221;#172130&#8243; header_font_size=&#8221;50px&#8221; header_font_size_tablet=&#8221;&#8221; header_font_size_phone=&#8221;40px&#8221; header_font_size_last_edited=&#8221;on|phone&#8221;]<\/p>\n<h1>Pierre Yves Bodineau<\/h1>\n<p>[\/et_pb_text][et_pb_divider color=&#8221;#016a84&#8243; divider_weight=&#8221;4px&#8221; _builder_version=&#8221;4.4.7&#8243; max_width=&#8221;70px&#8221; module_alignment=&#8221;center&#8221; locked=&#8221;off&#8221;][\/et_pb_divider][et_pb_text _builder_version=&#8221;4.4.7&#8243; text_font=&#8221;Noto Sans||||||||&#8221; text_text_color=&#8221;#172130&#8243; text_font_size=&#8221;17px&#8221; text_orientation=&#8221;center&#8221; hover_enabled=&#8221;0&#8243;]<\/p>\n<p>TECHNICAL DIRECTOR PROGRAMME PSG ACADEMY<\/p>\n<p>[\/et_pb_text][et_pb_text _builder_version=&#8221;4.4.7&#8243; text_font=&#8221;Noto Sans||||||||&#8221; text_text_color=&#8221;#172130&#8243; text_font_size=&#8221;18px&#8221; text_line_height=&#8221;1.9em&#8221; text_orientation=&#8221;justified&#8221; hover_enabled=&#8221;0&#8243; text_font_size_tablet=&#8221;&#8221; text_font_size_phone=&#8221;15px&#8221; text_font_size_last_edited=&#8221;on|phone&#8221;]<\/p>\n<p>After 4 years at the helm of the Paris-Saint-Germain women&#8217;s under-19 team, 4 consecutive finals and 2 consecutive league titles, Pierre-Yves BODINEAU now holds the position of technical manager of the Paris-Saint-Germain Academy. We are happy to learn about his work at one of the best academies in the world.<\/p>\n<p>Without a doubt an example in the training of players, always looking for a high degree of excellence without leaving aside the fun of the sport.<\/p>\n<p>[\/et_pb_text][et_pb_text _builder_version=&#8221;4.4.7&#8243; text_text_color=&#8221;#0c71c3&#8243; text_font_size=&#8221;21px&#8221; text_orientation=&#8221;center&#8221; hover_enabled=&#8221;0&#8243;]<\/p>\n<p>&#8220;PARIS SAINT-GERMAIN ACADEMY&#8217;s obligations are to meet the club&#8217;s requirements for excellence, but also to promote the players&#8217; enjoyment&#8221;.<\/p>\n<p>&nbsp;<\/p>\n<p>&nbsp;<\/p>\n<p>[\/et_pb_text][\/et_pb_column][\/et_pb_row][\/et_pb_section][et_pb_section fb_built=&#8221;1&#8243; _builder_version=&#8221;4.4.7&#8243; background_enable_color=&#8221;off&#8221; background_enable_image=&#8221;off&#8221; background_position=&#8221;bottom_center&#8221; background_blend=&#8221;overlay&#8221; width=&#8221;100%&#8221; custom_padding=&#8221;7px||1px|||&#8221;][et_pb_row _builder_version=&#8221;4.4.7&#8243; width=&#8221;100%&#8221;][et_pb_column type=&#8221;4_4&#8243; _builder_version=&#8221;4.4.7&#8243;][et_pb_gallery gallery_ids=&#8221;1512,1509,1524,1515,1518,1521,2395,2404,2413,2410,2401,2416,2407,2419&#8243; posts_number=&#8221;8&#8243; orientation=&#8221;portrait&#8221; show_title_and_caption=&#8221;off&#8221; zoom_icon_color=&#8221;#172130&#8243; hover_overlay_color=&#8221;rgba(255,255,255,0.41)&#8221; hover_icon=&#8221;%%51%%&#8221; _builder_version=&#8221;4.4.7&#8243; title_text_color=&#8221;rgba(0,0,0,0)&#8221; custom_margin=&#8221;|0px||0px|false|false&#8221;][\/et_pb_gallery][et_pb_post_nav _builder_version=&#8221;4.4.7&#8243; title_font=&#8221;Noto Sans||||||||&#8221; title_text_color=&#8221;#0dbcdb&#8221; title_font_size=&#8221;16px&#8221; custom_margin=&#8221;0px||||false|false&#8221; custom_padding=&#8221;10px|15px|10px|15px|true|true&#8221; border_width_all=&#8221;1px&#8221; border_color_all=&#8221;#0dbcdb&#8221; locked=&#8221;off&#8221;][\/et_pb_post_nav][\/et_pb_column][\/et_pb_row][\/et_pb_section]<\/p>\n","protected":false},"excerpt":{"rendered":"<p>Pierre Yves Bodineau TECHNICAL DIRECTOR PROGRAMME PSG ACADEMY After 4 years at the helm of the Paris-Saint-Germain women&#8217;s under-19 team, 4 consecutive finals and 2 consecutive league titles, Pierre-Yves BODINEAU now holds the position of technical manager of the Paris-Saint-Germain Academy. We are happy to learn about his work at one of the best academies [&hellip;]<\/p>\n","protected":false},"author":2,"featured_media":2399,"menu_order":19,"comment_status":"closed","ping_status":"closed","template":"","format":"standard","meta":{"_et_pb_use_builder":"on","_et_pb_old_content":"<p>[et_pb_section fb_built=\"1\" _builder_version=\"4.4.7\" background_color=\"rgba(0,0,0,0)\" background_enable_image=\"off\" custom_padding=\"5px||27px|||\"][et_pb_row _builder_version=\"4.4.7\" custom_padding=\"9px|||||\"][et_pb_column type=\"4_4\" _builder_version=\"4.4.7\"][et_pb_image src=\"https:\/\/www.coachfootballmotion.com\/wp-content\/uploads\/2020\/07\/Captura-de-pantalla-2020-07-18-a-las-16.24.39.png\" alt=\"Pierre-Yves Bodineau\" title_text=\"Captura de pantalla 2020-07-18 a las 16.24.39\" align=\"center\" _builder_version=\"4.4.7\" width=\"71%\" box_shadow_style=\"preset1\" box_shadow_horizontal=\"6px\" box_shadow_vertical=\"14px\" box_shadow_blur=\"23px\"][\/et_pb_image][\/et_pb_column][\/et_pb_row][et_pb_row _builder_version=\"4.4.7\" width=\"100%\" custom_padding=\"12px|||||\"][et_pb_column type=\"4_4\" _builder_version=\"4.4.7\"][et_pb_text _builder_version=\"4.4.7\" text_font=\"Coda||||||||\" text_text_color=\"#172130\" text_font_size=\"33px\" header_font=\"Nova Flat||||||||\" header_text_align=\"center\" header_text_color=\"#172130\" header_font_size=\"50px\" header_font_size_tablet=\"\" header_font_size_phone=\"40px\" header_font_size_last_edited=\"on|phone\"]<\/p><h1>Pierre Yves Bodineau<\/h1><p>[\/et_pb_text][et_pb_divider color=\"#016a84\" divider_weight=\"4px\" _builder_version=\"4.4.7\" max_width=\"70px\" module_alignment=\"center\" locked=\"off\"][\/et_pb_divider][et_pb_text _builder_version=\"4.4.7\" text_font=\"Noto Sans||||||||\" text_text_color=\"#172130\" text_font_size=\"17px\" text_orientation=\"center\"]<\/p><p>DIRECTOR T\u00c9CNICO PROGRAMME PSG ACADEMY<\/p><p>[\/et_pb_text][et_pb_text _builder_version=\"4.4.7\" text_font=\"Noto Sans||||||||\" text_text_color=\"#172130\" text_font_size=\"18px\" text_line_height=\"1.9em\" text_orientation=\"justified\" text_font_size_tablet=\"\" text_font_size_phone=\"15px\" text_font_size_last_edited=\"on|phone\"]<\/p><p>Despu\u00e9s de 4 a\u00f1os al frente del equipo sub-19 femenino Paris-Saint-Germain, 4 finales consecutivas y 2 t\u00edtulos de liga consecutivos, Pierre-Yves BODINEAU ahora ocupa el cargo de gerente t\u00e9cnico de la Academia Paris-Saint-Germain. Con mucho gusto podemos aprender de como es su trabajo en una de las mejores academias del mundo.\u00a0<\/p><p>Sin duda un ejemplo en la formaci\u00f3n de jugadores, buscando siempre un alto grado de excelencia sin dejar de lado la diversi\u00f3n por este deporte.\u00a0\u00a0<\/p><p>[\/et_pb_text][et_pb_text _builder_version=\"4.4.7\" text_text_color=\"#0c71c3\" text_font_size=\"21px\" text_orientation=\"center\"]<\/p><p>\"Las obligaciones de PARIS SAINT-GERMAIN ACADEMY son cumplir con los requisitos de excelencia del club, pero tambi\u00e9n promover la diversi\u00f3n de los jugadores\".<\/p><p>\u00a0<\/p><p>[\/et_pb_text][\/et_pb_column][\/et_pb_row][\/et_pb_section][et_pb_section fb_built=\"1\" _builder_version=\"4.4.7\" background_enable_color=\"off\" background_enable_image=\"off\" background_position=\"bottom_center\" background_blend=\"overlay\" width=\"100%\" custom_padding=\"7px||1px|||\"][et_pb_row _builder_version=\"4.4.7\" width=\"100%\"][et_pb_column type=\"4_4\" _builder_version=\"4.4.7\"][et_pb_gallery gallery_ids=\"1512,1509,1524,1515,1518,1521,2395,2404,2413,2410,2401,2416,2407,2419\" posts_number=\"8\" orientation=\"portrait\" show_title_and_caption=\"off\" zoom_icon_color=\"#172130\" hover_overlay_color=\"rgba(255,255,255,0.41)\" hover_icon=\"%%51%%\" _builder_version=\"4.4.7\" title_text_color=\"rgba(0,0,0,0)\" custom_margin=\"|0px||0px|false|false\"][\/et_pb_gallery][et_pb_post_nav _builder_version=\"4.4.7\" title_font=\"Noto Sans||||||||\" title_text_color=\"#0dbcdb\" title_font_size=\"16px\" custom_margin=\"0px||||false|false\" custom_padding=\"10px|15px|10px|15px|true|true\" border_width_all=\"1px\" border_color_all=\"#0dbcdb\" locked=\"off\"][\/et_pb_post_nav][\/et_pb_column][\/et_pb_row][\/et_pb_section]<\/p>","_et_gb_content_width":"","content-type":""},"categories":[],"tags":[],"yoast_head":"<!-- This site is optimized with the Yoast SEO plugin v18.5.1 - https:\/\/yoast.com\/wordpress\/plugins\/seo\/ -->\n<title>Pierre-Yves Bodineau - Coach Football Motion<\/title>\n<meta name=\"description\" content=\"Do you know Pierre-Yves Bodineau? He will be one of the speakers at the Coach Football Motion online football congress. Find out more here!\" \/>\n<meta name=\"robots\" content=\"index, follow, max-snippet:-1, max-image-preview:large, max-video-preview:-1\" \/>\n<link rel=\"canonical\" href=\"https:\/\/www.coachfootballmotion.com\/en\/listado_ponentes\/pierre-yves-bodineau\/\" \/>\n<meta property=\"og:locale\" content=\"en_US\" \/>\n<meta property=\"og:type\" content=\"article\" \/>\n<meta property=\"og:title\" content=\"Pierre-Yves Bodineau - Coach Football Motion\" \/>\n<meta property=\"og:description\" content=\"Do you know Pierre-Yves Bodineau? He will be one of the speakers at the Coach Football Motion online football congress. Find out more here!\" \/>\n<meta property=\"og:url\" content=\"https:\/\/www.coachfootballmotion.com\/en\/listado_ponentes\/pierre-yves-bodineau\/\" \/>\n<meta property=\"og:site_name\" content=\"Coach Football Motion\" \/>\n<meta property=\"article:modified_time\" content=\"2020-08-21T16:06:52+00:00\" \/>\n<meta property=\"og:image\" content=\"https:\/\/www.coachfootballmotion.com\/wp-content\/uploads\/2020\/07\/Captura-de-pantalla-2020-07-18-a-las-16.24.39.png\" \/>\n\t<meta property=\"og:image:width\" content=\"1248\" \/>\n\t<meta property=\"og:image:height\" content=\"704\" \/>\n\t<meta property=\"og:image:type\" content=\"image\/png\" \/>\n<meta name=\"twitter:card\" content=\"summary_large_image\" \/>\n<meta name=\"twitter:label1\" content=\"Est. reading time\" \/>\n\t<meta name=\"twitter:data1\" content=\"3 minutes\" \/>\n<script type=\"application\/ld+json\" class=\"yoast-schema-graph\">{\"@context\":\"https:\/\/schema.org\",\"@graph\":[{\"@type\":\"WebSite\",\"@id\":\"https:\/\/www.coachfootballmotion.com\/#website\",\"url\":\"https:\/\/www.coachfootballmotion.com\/\",\"name\":\"Coach Football Motion\",\"description\":\"Congreso mundial dirigido a profesionales del mundo del f\u00fatbol.\",\"potentialAction\":[{\"@type\":\"SearchAction\",\"target\":{\"@type\":\"EntryPoint\",\"urlTemplate\":\"https:\/\/www.coachfootballmotion.com\/?s={search_term_string}\"},\"query-input\":\"required name=search_term_string\"}],\"inLanguage\":\"en-US\"},{\"@type\":\"ImageObject\",\"@id\":\"https:\/\/www.coachfootballmotion.com\/en\/listado_ponentes\/pierre-yves-bodineau\/#primaryimage\",\"inLanguage\":\"en-US\",\"url\":\"https:\/\/www.coachfootballmotion.com\/wp-content\/uploads\/2020\/07\/Captura-de-pantalla-2020-07-18-a-las-16.24.39.png\",\"contentUrl\":\"https:\/\/www.coachfootballmotion.com\/wp-content\/uploads\/2020\/07\/Captura-de-pantalla-2020-07-18-a-las-16.24.39.png\",\"width\":1248,\"height\":704},{\"@type\":\"WebPage\",\"@id\":\"https:\/\/www.coachfootballmotion.com\/en\/listado_ponentes\/pierre-yves-bodineau\/#webpage\",\"url\":\"https:\/\/www.coachfootballmotion.com\/en\/listado_ponentes\/pierre-yves-bodineau\/\",\"name\":\"Pierre-Yves Bodineau - Coach Football Motion\",\"isPartOf\":{\"@id\":\"https:\/\/www.coachfootballmotion.com\/#website\"},\"primaryImageOfPage\":{\"@id\":\"https:\/\/www.coachfootballmotion.com\/en\/listado_ponentes\/pierre-yves-bodineau\/#primaryimage\"},\"datePublished\":\"2020-08-12T15:04:37+00:00\",\"dateModified\":\"2020-08-21T16:06:52+00:00\",\"description\":\"Do you know Pierre-Yves Bodineau? He will be one of the speakers at the Coach Football Motion online football congress. Find out more here!\",\"breadcrumb\":{\"@id\":\"https:\/\/www.coachfootballmotion.com\/en\/listado_ponentes\/pierre-yves-bodineau\/#breadcrumb\"},\"inLanguage\":\"en-US\",\"potentialAction\":[{\"@type\":\"ReadAction\",\"target\":[\"https:\/\/www.coachfootballmotion.com\/en\/listado_ponentes\/pierre-yves-bodineau\/\"]}]},{\"@type\":\"BreadcrumbList\",\"@id\":\"https:\/\/www.coachfootballmotion.com\/en\/listado_ponentes\/pierre-yves-bodineau\/#breadcrumb\",\"itemListElement\":[{\"@type\":\"ListItem\",\"position\":1,\"name\":\"Portada\",\"item\":\"https:\/\/www.coachfootballmotion.com\/en\/\"},{\"@type\":\"ListItem\",\"position\":2,\"name\":\"Pierre-Yves Bodineau\"}]}]}<\/script>\n<!-- \/ Yoast SEO plugin. -->","yoast_head_json":{"title":"Pierre-Yves Bodineau - Coach Football Motion","description":"Do you know Pierre-Yves Bodineau? He will be one of the speakers at the Coach Football Motion online football congress. Find out more here!","robots":{"index":"index","follow":"follow","max-snippet":"max-snippet:-1","max-image-preview":"max-image-preview:large","max-video-preview":"max-video-preview:-1"},"canonical":"https:\/\/www.coachfootballmotion.com\/en\/listado_ponentes\/pierre-yves-bodineau\/","og_locale":"en_US","og_type":"article","og_title":"Pierre-Yves Bodineau - Coach Football Motion","og_description":"Do you know Pierre-Yves Bodineau? He will be one of the speakers at the Coach Football Motion online football congress. Find out more here!","og_url":"https:\/\/www.coachfootballmotion.com\/en\/listado_ponentes\/pierre-yves-bodineau\/","og_site_name":"Coach Football Motion","article_modified_time":"2020-08-21T16:06:52+00:00","og_image":[{"width":1248,"height":704,"url":"https:\/\/www.coachfootballmotion.com\/wp-content\/uploads\/2020\/07\/Captura-de-pantalla-2020-07-18-a-las-16.24.39.png","type":"image\/png"}],"twitter_card":"summary_large_image","twitter_misc":{"Est. reading time":"3 minutes"},"schema":{"@context":"https:\/\/schema.org","@graph":[{"@type":"WebSite","@id":"https:\/\/www.coachfootballmotion.com\/#website","url":"https:\/\/www.coachfootballmotion.com\/","name":"Coach Football Motion","description":"Congreso mundial dirigido a profesionales del mundo del f\u00fatbol.","potentialAction":[{"@type":"SearchAction","target":{"@type":"EntryPoint","urlTemplate":"https:\/\/www.coachfootballmotion.com\/?s={search_term_string}"},"query-input":"required name=search_term_string"}],"inLanguage":"en-US"},{"@type":"ImageObject","@id":"https:\/\/www.coachfootballmotion.com\/en\/listado_ponentes\/pierre-yves-bodineau\/#primaryimage","inLanguage":"en-US","url":"https:\/\/www.coachfootballmotion.com\/wp-content\/uploads\/2020\/07\/Captura-de-pantalla-2020-07-18-a-las-16.24.39.png","contentUrl":"https:\/\/www.coachfootballmotion.com\/wp-content\/uploads\/2020\/07\/Captura-de-pantalla-2020-07-18-a-las-16.24.39.png","width":1248,"height":704},{"@type":"WebPage","@id":"https:\/\/www.coachfootballmotion.com\/en\/listado_ponentes\/pierre-yves-bodineau\/#webpage","url":"https:\/\/www.coachfootballmotion.com\/en\/listado_ponentes\/pierre-yves-bodineau\/","name":"Pierre-Yves Bodineau - Coach Football Motion","isPartOf":{"@id":"https:\/\/www.coachfootballmotion.com\/#website"},"primaryImageOfPage":{"@id":"https:\/\/www.coachfootballmotion.com\/en\/listado_ponentes\/pierre-yves-bodineau\/#primaryimage"},"datePublished":"2020-08-12T15:04:37+00:00","dateModified":"2020-08-21T16:06:52+00:00","description":"Do you know Pierre-Yves Bodineau? He will be one of the speakers at the Coach Football Motion online football congress. Find out more here!","breadcrumb":{"@id":"https:\/\/www.coachfootballmotion.com\/en\/listado_ponentes\/pierre-yves-bodineau\/#breadcrumb"},"inLanguage":"en-US","potentialAction":[{"@type":"ReadAction","target":["https:\/\/www.coachfootballmotion.com\/en\/listado_ponentes\/pierre-yves-bodineau\/"]}]},{"@type":"BreadcrumbList","@id":"https:\/\/www.coachfootballmotion.com\/en\/listado_ponentes\/pierre-yves-bodineau\/#breadcrumb","itemListElement":[{"@type":"ListItem","position":1,"name":"Portada","item":"https:\/\/www.coachfootballmotion.com\/en\/"},{"@type":"ListItem","position":2,"name":"Pierre-Yves Bodineau"}]}]}},"_links":{"self":[{"href":"https:\/\/www.coachfootballmotion.com\/en\/wp-json\/wp\/v2\/listado_ponentes\/5859"}],"collection":[{"href":"https:\/\/www.coachfootballmotion.com\/en\/wp-json\/wp\/v2\/listado_ponentes"}],"about":[{"href":"https:\/\/www.coachfootballmotion.com\/en\/wp-json\/wp\/v2\/types\/listado_ponentes"}],"author":[{"embeddable":true,"href":"https:\/\/www.coachfootballmotion.com\/en\/wp-json\/wp\/v2\/users\/2"}],"replies":[{"embeddable":true,"href":"https:\/\/www.coachfootballmotion.com\/en\/wp-json\/wp\/v2\/comments?post=5859"}],"version-history":[{"count":3,"href":"https:\/\/www.coachfootballmotion.com\/en\/wp-json\/wp\/v2\/listado_ponentes\/5859\/revisions"}],"predecessor-version":[{"id":5864,"href":"https:\/\/www.coachfootballmotion.com\/en\/wp-json\/wp\/v2\/listado_ponentes\/5859\/revisions\/5864"}],"wp:featuredmedia":[{"embeddable":true,"href":"https:\/\/www.coachfootballmotion.com\/en\/wp-json\/wp\/v2\/media\/2399"}],"wp:attachment":[{"href":"https:\/\/www.coachfootballmotion.com\/en\/wp-json\/wp\/v2\/media?parent=5859"}],"wp:term":[{"taxonomy":"category","embeddable":true,"href":"https:\/\/www.coachfootballmotion.com\/en\/wp-json\/wp\/v2\/categories?post=5859"},{"taxonomy":"post_tag","embeddable":true,"href":"https:\/\/www.coachfootballmotion.com\/en\/wp-json\/wp\/v2\/tags?post=5859"}],"curies":[{"name":"wp","href":"https:\/\/api.w.org\/{rel}","templated":true}]}}